{"id":93886,"date":"2022-01-26T12:15:36","date_gmt":"2022-01-26T12:15:36","guid":{"rendered":"https:\/\/spanienaktuell.net\/wordpress\/?page_id=93886"},"modified":"2023-10-25T11:00:24","modified_gmt":"2023-10-25T10:00:24","slug":"politica-de-privacidad-2","status":"publish","type":"page","link":"https:\/\/spanienaktuell.net\/wordpress\/politica-de-privacidad-2\/","title":{"rendered":"Pol\u00edtica de privacidad"},"content":{"rendered":"<div class=\"wpb_text_column wpb_content_element vc_custom_1619100788802\">\n<div class=\"wpb_wrapper\">\n<p><strong>POL\u00cdTICA DE PROTECCI\u00d3N DE DATOS<\/strong><\/p>\n<p>De conformidad con el Reglamento General de Protecci\u00f3n de Datos (UE) 2016\/679, DEL PARLAMENTO EUROPEO Y DEL CONSEJO, de 27 de abril de 2016 (en adelante RGPD) y dem\u00e1s normativa en materia de protecci\u00f3n de datos de car\u00e1cter personal, Spanien Aktuell S.L.U. (en adelante Spanien aktuell) pone de manifiesto la presente Pol\u00edtica respecto del tratamiento y protecci\u00f3n de datos personales.<\/p>\n<p><strong>\u00a0<\/strong><\/p>\n<p><strong>DATOS DEL RESPONSABLE DEL TRATAMIENTO<\/strong><\/p>\n<p>Spanien aktuell S.L.U.<\/p>\n<p>C.I.F: B93341584<\/p>\n<p>Domicilio social: Avda. Condado de Huelva, 9, Torre del Mar, 29740, M\u00e1laga<\/p>\n<p>E-mail: info@spanienaktuell.es<\/p>\n<p><strong>DATOS DE CONTACTO DEL DELEGADO DE PROTECCI\u00d3N DE DATOS<\/strong><\/p>\n<p>E-mail: info@spanienaktuell.es<\/p>\n<p><strong>\u00a0<\/strong><\/p>\n<p><strong>\u00c1MBITO DE APLICACI\u00d3N<\/strong><\/p>\n<p>La presente Pol\u00edtica resultar\u00e1 de aplicaci\u00f3n a:<\/p>\n<ul>\n<li>A aquellos que visiten la P\u00e1gina Web de Spanien aktuell, http:\/\/www.spanienaktuell.net\/ y\/o que se comuniquen voluntariamente con Spanien aktuell mediante mensajes de correo electr\u00f3nico, chat, o cualquiera de los formularios de recogida de datos de la P\u00e1gina web.<\/li>\n<li>A aquellos que soliciten informaci\u00f3n sobre los productos y servicios de Spanien aktuell o que se suscriban a alguna de las campa\u00f1as comerciales de Spanien aktuell.<\/li>\n<li>A quienes establezcan una relaci\u00f3n contractual con Spanien aktuell mediante la contrataci\u00f3n de sus productos y servicios.<\/li>\n<li>A cualesquiera otros que, de forma directa o indirecta, hayan dado su consentimiento expreso para que sus datos sean tratados por parte de Spanien aktuell para cualquiera de las finalidades recogidas en la presente Pol\u00edtica.<\/li>\n<\/ul>\n<p>Spanien aktuell requiere la aceptaci\u00f3n expresa de esta pol\u00edtica para la utilizaci\u00f3n de todos sus productos y servicios.<\/p>\n<p>Spanien aktuell avisa que, excepto en el caso de la existencia de una representaci\u00f3n legalmente constituida, ning\u00fan usuario y\/o cliente puede utilizar la identidad de otra persona y comunicar sus datos personales, por lo que los datos que facilite a Spanien aktuell deben ser los datos personales de su propia identidad, adecuados, pertinentes, actualizados, exactos y verdaderos. En este sentido, el usuario y\/o cliente ser\u00e1 el \u00fanico responsable frente a cualquier da\u00f1o directo o indirecto que cause a terceros o a Spanien aktuell por el uso de datos de otra persona o de sus propios datos cuando sean falsos, err\u00f3neos, desactualizados, inadecuados o no pertinentes. Igualmente, el usuario y\/o cliente que comunique a Spanien aktuell los datos personales de un tercero ser\u00e1 responsable de haber recabado la autorizaci\u00f3n correspondiente del propio interesado, as\u00ed como de sus consecuencias en caso contrario.<\/p>\n<p>El usuario y\/o cliente declara ser mayor de edad, de conformidad con lo dispuesto en la legislaci\u00f3n espa\u00f1ola, absteni\u00e9ndose en caso contrario de comunicar datos personales a Spanien aktuell. Cualquier dato facilitado sobre un menor de edad requerir\u00e1 del consentimiento o autorizaci\u00f3n previa de sus padres, tutores o representantes legales, los cuales ser\u00e1n considerados responsables de los datos facilitados por los menores a su cargo.<\/p>\n<p>Esta Pol\u00edtica ser\u00e1 de aplicaci\u00f3n subsidiaria respecto de aquellas otras condiciones que sobre protecci\u00f3n de datos personales se establezcan con car\u00e1cter especial y sean comunicadas, sin car\u00e1cter limitativo, a trav\u00e9s de los formularios de registro, contratos y\/o condiciones de los servicios particulares, siendo por tanto esta Pol\u00edtica complementaria de las mencionadas en aquello no previsto expresamente en las mismas.<\/p>\n<p><strong>\u00a0<\/strong><\/p>\n<p><strong>FINALIDADES DE LA RECOGIDA Y TRATAMIENTO DE DATOS<\/strong><\/p>\n<p>Spanien aktuell, como responsable del tratamiento, informa a los usuarios y\/o clientes de la existencia de varios tratamientos y ficheros en los que se recogen y almacenan los datos personales comunicados a Spanien aktuell.<\/p>\n<p>Las finalidades de la recogida y tratamiento de datos personales son las siguientes:<\/p>\n<p>En relaci\u00f3n a las \u201ccookies\u201d que Spanien aktuell utiliza en la navegaci\u00f3n a trav\u00e9s de su P\u00e1gina Web http:\/\/www.spanienaktuell.net\u00a0 se almacenan en el equipo terminal del usuario (ordenador o dispositivo m\u00f3vil) y recopilan informaci\u00f3n al visitar dicha p\u00e1gina web, con la finalidad de mejorar la usabilidad de la misma, conocer los h\u00e1bitos o necesidades de navegaci\u00f3n de los usuarios para poder adaptarse a los ellos, as\u00ed como obtener informaci\u00f3n con fines estad\u00edsticos. La P\u00e1gina Web de Spanien aktuell utiliza la herramienta estad\u00edstica de Google Analytics proporcionada por Google para medir el n\u00famero de visitas, el tiempo de permanencia de las mismas, la audiencia, el comportamiento, entre otras m\u00e9ticas.<\/p>\n<p>Para aquellos usuarios que ya sean clientes de\u00a0Spanien aktuell, la informaci\u00f3n recabada a trav\u00e9s de las cookies servir\u00e1 tambi\u00e9n para su identificaci\u00f3n al acceder a las distintas herramientas que\u00a0Spanien aktuell\u00a0pone a su disposici\u00f3n para la gesti\u00f3n de sus Productos y Servicios. En cualquier caso, los usuarios pueden configurar su navegador, deshabilitando, bloqueando o eliminando todas o algunas de las cookies. El hecho de no desear recibir estas cookies, no constituye un impedimento para poder acceder a la informaci\u00f3n de la P\u00e1gina Web de\u00a0Spanien aktuell\u00a0aunque el uso de algunos servicios podr\u00e1 ser limitado.<\/p>\n<p>Toda la informaci\u00f3n sobre las cookies utilizadas por\u00a0Spanien aktuell, se encuentra publicada en la Pol\u00edtica de Cookies, disponible para su consulta en\u00a0http:\/\/www.spanienaktuell.net\/\/legal\/cookies<\/p>\n<p>En el caso de una comunicaci\u00f3n de datos personales mediante el env\u00edo de un correo electr\u00f3nico a\u00a0Spanien aktuell\u00a0o a trav\u00e9s de cualquier otro medio, como puede ser un formulario de contacto de la p\u00e1gina web, la finalidad de la recogida y tratamiento de dichos datos por parte de\u00a0Spanien aktuell\u00a0es la atenci\u00f3n de las consultas y solicitudes de informaci\u00f3n que se planteen sobre los productos y servicios ofrecidos por Spanien aktuell.<\/p>\n<p>En el caso del env\u00edo de un formulario o correo electr\u00f3nico a\u00a0Spanien aktuell\u00a0relacionado con sus ofertas de empleo, dichos datos ser\u00e1n tratados para los procedimientos de selecci\u00f3n de personal.<\/p>\n<p>En el caso de los datos personales comunicados a trav\u00e9s de un formulario de la p\u00e1gina Web de\u00a0Spanien aktuell\u00a0por los interesados en participar en alguna de las campa\u00f1as comerciales de\u00a0Spanien aktuell, la finalidad ser\u00e1 el env\u00edo de comunicaciones comerciales y publicitarias sobre los productos y servicios de\u00a0Spanien aktuell, siempre que el interesado lo acepte expresamente en el propio formulario de recogida de datos de forma separada y mediante la casilla de verificaci\u00f3n destinada a tal efecto para aceptar la recepci\u00f3n de comunicaciones comerciales y publicidad. No obstante lo anterior, el interesado podr\u00e1 modificar su decisi\u00f3n en cualquier momento, tantas veces como lo desee, a trav\u00e9s de los medios facilitados por Spanien aktuell para tal finalidad.<\/p>\n<p>En la contrataci\u00f3n de los servicios ofrecidos por\u00a0Spanien aktuell, se recoger\u00e1n \u00fanicamente aquellos datos personales que fueran necesarios para establecer la relaci\u00f3n contractual y posibilitar la prestaci\u00f3n de los servicios, pago de los mismos por parte de los clientes y su facturaci\u00f3n, siendo dichos datos recogidos y tratados con las siguientes finalidades:<\/p>\n<p>La finalidad principal consistir\u00e1 en el mantenimiento de la relaci\u00f3n contractual que se establezca con el cliente, de conformidad con la naturaleza y caracter\u00edsticas de los productos y servicios contratados, contactando\u00a0Spanien aktuell\u00a0con el cliente a trav\u00e9s de la direcci\u00f3n de e-mail, tel\u00e9fono, whatsapp u otros medios indicados por este \u00faltimo.<\/p>\n<p>Para el env\u00edo de documentaci\u00f3n e informaci\u00f3n relacionada con los productos y servicios contratados, as\u00ed como para el env\u00edo de comunicaciones comerciales y publicitarias sobre los mismos u otros similares por parte de\u00a0Spanien aktuell, a trav\u00e9s de correo postal, e-mail, tel\u00e9fono, mensajes de texto SMS, aplicaciones de mensajer\u00eda instant\u00e1nea tales como Whatsapp u otros medios indicados por el cliente, salvo que \u00e9ste manifieste expresamente su oposici\u00f3n en el mismo momento de la contrataci\u00f3n. Independientemente de si el cliente hubiera elegido recibir o no informaci\u00f3n comercial de\u00a0Spanien aktuell, el cliente podr\u00e1 modificar su decisi\u00f3n cuando lo desee y las veces que lo requiera, a trav\u00e9s del apartado espec\u00edfico disponible para ello en su \u00c1rea de Cliente.<\/p>\n<p>Para el mantenimiento del historial de registros de las relaciones comerciales durante los plazos legalmente establecidos.<\/p>\n<p>En aquellos casos en que\u00a0Spanien aktuell\u00a0deba acceder y\/o tratar datos personales respecto de los cuales el cliente tuviera la condici\u00f3n de responsable o encargado del tratamiento,\u00a0Spanien aktuell\u00a0tratar\u00e1 dichos datos en calidad de encargado del tratamiento conforme a lo previsto en el art\u00edculo 28 del\u00a0RGPD\u00a0y de acuerdo a lo indicado en el apartado \u201cSpanien aktuell como encargado del tratamiento de los datos\u201d, incluido en esta Pol\u00edtica.<\/p>\n<p>En cumplimiento de lo dispuesto en la Ley 25\/2007, de 18 de octubre, de conservaci\u00f3n de datos relativos a las comunicaciones electr\u00f3nicas y a las redes p\u00fablicas de comunicaciones,\u00a0Spanien aktuell\u00a0informa al usuario y\/o cliente que se proceder\u00e1 a retener y conservar determinados datos de tr\u00e1fico generados durante el desarrollo de las comunicaciones, as\u00ed como en su caso, a comunicar dichos datos a los \u00f3rganos competentes siempre que concurran las circunstancias legales previstas en dicha Ley.<\/p>\n<p>Para otras finalidades, que de forma expresa aparezcan recogidas en las Condiciones Espec\u00edficas que sean de aplicaci\u00f3n al producto o servicio correspondiente contratado por el cliente y expresamente aceptadas por este.<\/p>\n<p><strong>\u00a0<\/strong><\/p>\n<p><strong>PLAZO DE CONSERVACI\u00d3N DE LOS DATOS PERSONALES<\/strong><\/p>\n<p>Spanien aktuell conservar\u00e1 los datos personales durante el tiempo necesario para el cumplimiento de las finalidades detalladas.\u00a0Spanien aktuell\u00a0podr\u00e1 mantener debidamente bloqueados dichos datos durante el per\u00edodo en el que se pudieran derivar responsabilidades de su relaci\u00f3n con el cliente. En el caso de los datos objeto de conservaci\u00f3n con motivo de a la Ley 25\/2007, de 18 de octubre, de conservaci\u00f3n de datos relativos a las comunicaciones electr\u00f3nicas y a las redes p\u00fablicas de comunicaciones, el per\u00edodo de conservaci\u00f3n de los mismos ser\u00e1 el detallado en dicha normativa vigente.<\/p>\n<p><strong>\u00a0<\/strong><\/p>\n<p><strong>DESTINATARIOS DE LOS DATOS PERSONALES<\/strong><\/p>\n<p>Los destinatarios de los datos personales recogidos por\u00a0Spanien aktuell\u00a0son los siguientes:<\/p>\n<ul>\n<li>Los propios empleados de\u00a0Spanien aktuell\u00a0en el cumplimiento de sus funciones.<\/li>\n<li>Los proveedores de\u00a0Spanien aktuell\u00a0que intervengan en la prestaci\u00f3n de los servicios, en el caso de que ello fuera necesario para la prestaci\u00f3n de los mismos.<\/li>\n<li>Los \u00f3rganos judiciales o administrativos, as\u00ed como las Fuerzas y Cuerpos de Seguridad del Estado, en el caso que\u00a0Spanien aktuell\u00a0fuera requerido conforme a la legislaci\u00f3n vigente para proporcionar informaci\u00f3n relacionada con sus clientes y productos y servicios.<\/li>\n<li>Cualesquiera otros que debido a la naturaleza del producto o servicio deban acceder a los datos facilitados con el mismo, tal y como se detalla en las Condiciones Espec\u00edficas que sean de aplicaci\u00f3n al producto o servicio correspondiente contratado por el cliente y aceptadas expresamente por este.<\/li>\n<\/ul>\n<p><strong>\u00a0<\/strong><\/p>\n<p><strong>DERECHOS DE LOS USUARIOS Y EJERCICIO DE LOS MISMOS<\/strong><\/p>\n<p>Los usuarios y\/o clientes podr\u00e1n ejercitar en cualquier momento los siguientes derechos reconocidos por el\u00a0RGPD:<\/p>\n<ul>\n<li>Derecho de acceso: Los usuarios y\/o clientes tienen derecho a obtener de\u00a0Spanien aktuell\u00a0informaci\u00f3n acerca de si se est\u00e1n tratando datos personales que le conciernan, a obtener informaci\u00f3n sobre el tratamiento realizado y a acceder a los mismos.<\/li>\n<li>Derecho de rectificaci\u00f3n: Los usuarios y\/o clientes tienen derecho a que\u00a0Spanien aktuell\u00a0rectifique sus datos personales cuando fueran inexactos o incompletos.<\/li>\n<li>Derecho de supresi\u00f3n: Los usuarios y\/o clientes tienen derecho a que se proceda a la supresi\u00f3n de sus datos cuando estos ya no resulten necesarios para la finalidad para la que fueron proporcionados o cuando concurran el resto de circunstancias legalmente previstas.<\/li>\n<li>Derecho de limitaci\u00f3n del tratamiento: En determinadas circunstancias los usuarios y\/o clientes tienen derecho a solicitar una limitaci\u00f3n en el tratamiento de sus datos personales, de forma que no se apliquen a los mismos las operaciones de tratamiento que deban corresponder en cada caso, en aquellos supuestos previstos en el art. 18 del\u00a0RGPD.<\/li>\n<li>Derecho a la portabilidad: Los usuarios y\/o clientes tienen derecho a recibir los datos personales que le incumban en un formato estructurado, siempre y cuando dichos datos incumban exclusivamente al usuario y hayan sido facilitados por \u00e9ste.<\/li>\n<\/ul>\n<p>Los usuarios podr\u00e1n ejercer dichos derechos de las siguientes formas:<\/p>\n<p>Si son clientes de Spanien aktuell, los usuarios podr\u00e1n revisar en cada momento sus datos personales a trav\u00e9s del apartado \u201cPerfil y preferencias\u201d del apartado espec\u00edfico disponible para ello en su \u201d\u00c1rea de Cliente\u201d, a la que se accede previa autentificaci\u00f3n desde https:\/\/www.spanienaktuell.net\/.<\/p>\n<p>Tanto si son clientes de Spanien aktuell como si no lo son, los usuarios podr\u00e1n ejercer sus derechos mediante el env\u00edo de una solicitud por escrito dirigido a Spanien aktuell mediante al correo electr\u00f3nico info@spanienaktuell.es indicando el derecho que desea ejercitar y aportando una copia por las dos caras de su DNI o documento legal de identificaci\u00f3n.<\/p>\n<p><strong>\u00a0<\/strong><\/p>\n<p><strong>AUTORIDAD DE CONTROL<\/strong><\/p>\n<p>Los usuarios y\/o clientes podr\u00e1n dirigirse a la autoridad de Control que corresponda si considera que el tratamiento realizado respecto a sus datos personales no ha sido conforme a la legislaci\u00f3n vigente, cuyos datos de contacto se encuentra en la Agencia Espa\u00f1ola de Protecci\u00f3n de Datos (www.agpd.es) si considera que el tratamiento no se ajusta a la normativa vigente. Los usuarios y\/o clientes podr\u00e1n dirigirse a la autoridad de control que corresponda si considera que el tratamiento realizado respecto de sus datos personales no ha sido realizado conforme a la legislaci\u00f3n vigente. La autoridad de control de protecci\u00f3n de datos en Espa\u00f1a es la Agencia Espa\u00f1ola de Protecci\u00f3n de Datos, http:\/\/www.agpd.es<\/p>\n<p><strong>\u00a0<\/strong><\/p>\n<p><strong>TRANSFERENCIAS INTERNACIONALES DE DATOS<\/strong><\/p>\n<p>En aquellos productos y servicios de\u00a0Spanien aktuell\u00a0en los que se requiera la realizaci\u00f3n de transferencias internacionales de datos para posibilitar la prestaci\u00f3n de los mismos, dicha circunstancia ser\u00e1 recogida en las Condiciones Espec\u00edficas que sean de aplicaci\u00f3n al producto o servicio correspondiente contratado por el cliente y aceptadas expresamente por \u00e9ste de forma previa a las mismas y en el mismo momento de la contrataci\u00f3n.<\/p>\n<p><strong>\u00a0<\/strong><\/p>\n<p><strong>SPANIEN AKTUELL COMO ENCARGADO DEL TRATAMIENTO<\/strong><\/p>\n<p>Conforme al art\u00edculo 28\u00a0RGPD\u00a0y concordantes,\u00a0Spanien aktuell\u00a0tratar\u00e1 los datos personales respecto a los cuales el cliente ostentara la condici\u00f3n de responsable o encargado del tratamiento, cuando ello resulte necesario para la adecuada prestaci\u00f3n de los servicios contratados. En este supuesto, Spanien aktuell actuar\u00e1 como encargado del tratamiento, conforme a los t\u00e9rminos siguientes:<\/p>\n<p>Spanien aktuell\u00a0\u00fanicamente tratar\u00e1 los datos conforme a las instrucciones del cliente responsable o encargado del tratamiento, no utiliz\u00e1ndolos para un fin distinto al que figura en la presente Pol\u00edtica de protecci\u00f3n de datos y\/o en las condiciones contractuales que sean de aplicaci\u00f3n.<\/p>\n<p>Cumplida la prestaci\u00f3n de los servicios que motiven el tratamiento de los datos personales, estos ser\u00e1n destruidos, al igual que cualquier soporte o documentos en los que conste alg\u00fan dato de car\u00e1cter personal o cualquier tipo de informaci\u00f3n que se haya generado durante, para y\/o por la prestaci\u00f3n de los servicios objeto de las correspondientes Condiciones. No obstante lo anterior, Spanien aktuell podr\u00e1 mantener debidamente bloqueados los citados datos durante el per\u00edodo en el cual se puedan derivar responsabilidades de su relaci\u00f3n con el cliente.<\/p>\n<p>Spanien aktuell\u00a0se obliga, de conformidad con el art\u00edculo 28 del\u00a0RGPD, a mantener el debido secreto profesional respecto de los datos personales a los que deba acceder y\/o tratar con el fin de cumplir en cada caso con el objeto de las Condiciones del servicio que le sean de aplicaci\u00f3n, tanto durante como despu\u00e9s de la terminaci\u00f3n de los mismos, comprometi\u00e9ndose a utilizar dicha informaci\u00f3n \u00fanicamente para la finalidad prevista en cada caso y a exigir el mismo nivel de compromiso a cualquier persona que dentro de su organizaci\u00f3n participe en cualquier fase del tratamiento de los datos personales responsabilidad del cliente.<\/p>\n<p>De acuerdo con lo establecido en el\u00a0RGPD\u00a0ser\u00e1n de aplicaci\u00f3n las siguientes reglas en relaci\u00f3n con la forma y modalidades de acceso a los datos para la prestaci\u00f3n de los servicios:<\/p>\n<p>En el caso de que\u00a0Spanien aktuell\u00a0deba acceder a los recursos de tratamiento sitos en las instalaciones del cliente, \u00e9ste ser\u00e1 responsable de establecer e implementar la pol\u00edtica y medidas de seguridad, as\u00ed como de comunicar las mismas a Spanien aktuell, comprometi\u00e9ndose a respetarlas y a exigir su cumplimiento a las personas de su organizaci\u00f3n que participen en la prestaci\u00f3n de los servicios.<\/p>\n<p>Cuando\u00a0Spanien aktuell\u00a0acceda v\u00eda remota a los recursos de tratamiento de datos responsabilidad del cliente, el cliente deber\u00e1 establecer e implementar la pol\u00edtica y medidas de seguridad en sus sistemas de tratamiento remotos, siendo Spanien aktuell responsable de establecer e implementar la pol\u00edtica y medidas de seguridad en sus propios sistemas locales.<\/p>\n<p>Cuando el servicio fuera prestado por\u00a0Spanien aktuell\u00a0en sus propias instalaciones,\u00a0Spanien aktuell\u00a0recoger\u00e1 en su Registro de actividades las circunstancias relativas al tratamiento de datos en los t\u00e9rminos exigidos por el\u00a0RGPD, incluyendo las medidas de seguridad correspondientes a dicho tratamiento.<\/p>\n<p>El acceso y\/o tratamiento a los datos por\u00a0Spanien aktuell, sin perjuicio de las disposiciones legales o reglamentarias espec\u00edficas vigentes que pudieran resultar de aplicaci\u00f3n en cada caso o las que por propia iniciativa adopte Spanien aktuell, estar\u00e1 sometido a las medidas de seguridad necesarias para evitar la p\u00e9rdida de informaci\u00f3n, alteraci\u00f3n de datos, o el acceso por personal no autorizado a los mismos.<\/p>\n<p>El cliente autoriza a\u00a0Spanien aktuell, en su calidad de encargado del tratamiento, a subcontratar con terceros, en nombre y por cuenta del cliente, los servicios de almacenamiento, custodia de las copias de respaldo de datos y seguridad, y aqu\u00e9llos que fueran necesarios para posibilitar la prestaci\u00f3n de los servicios contratados, respetando en todo caso las obligaciones impuestas por el\u00a0RGPD\u00a0y su normativa de desarrollo. En cualquier momento, el cliente podr\u00e1 dirigirse a Spanien aktuell para conocer la identidad de las entidades subcontratadas para la prestaci\u00f3n de los servicios indicados, las cuales actuar\u00e1n de conformidad con los t\u00e9rminos previstos en este documento y previa formalizaci\u00f3n con Spanien aktuell de un contrato de tratamiento de datos conforme al art. 28.4 del\u00a0RGPD.<\/p>\n<p>El cliente autoriza a\u00a0Spanien aktuell\u00a0a realizar las acciones que se indican a continuaci\u00f3n, siempre que sean necesarias para la ejecuci\u00f3n de la prestaci\u00f3n de los servicios. Dicha autorizaci\u00f3n queda limitada a la\/s actuaci\u00f3n\/es \u00a0necesaria\/s para la prestaci\u00f3n de cada servicio y con una duraci\u00f3n m\u00e1xima vinculada a la vigencia de las Condiciones contractuales aplicables:<\/p>\n<p>\u200b<\/p>\n<ul>\n<li>A llevar a cabo el tratamiento de los datos personales en dispositivos port\u00e1tiles \u00fanicamente por los usuarios o perfiles de usuarios asignados a la prestaci\u00f3n de los servicios.<\/li>\n<li>A llevar a cabo el tratamiento fuera de los locales del cliente o de\u00a0Spanien aktuell, \u00fanicamente por los usuarios o perfiles de usuarios asignados a la prestaci\u00f3n de los servicios.<\/li>\n<li>La entrada y salida de los soportes y documentos que contengan datos personales, incluidos los comprendidos y\/o anexos a un correo electr\u00f3nico, fuera de los locales bajo el control del cliente responsable del tratamiento.<\/li>\n<li>La ejecuci\u00f3n de los procedimientos de recuperaci\u00f3n de datos que\u00a0Spanien aktuell\u00a0se vea en la obligaci\u00f3n de realizar.<\/li>\n<\/ul>\n<p>Spanien aktuell no se hace responsable del incumplimiento de las obligaciones derivadas del RGPD o de la normativa correspondiente en materia de protecci\u00f3n de datos por parte del usuario y\/o cliente en lo que a su actividad le corresponda y que se encuentre relacionado con la ejecuci\u00f3n del contrato o relaci\u00f3n comercial que le unan a Spanien aktuell. Cada parte deber\u00e1 hacer frente a la responsabilidad que se derive de su propio incumplimiento de las obligaciones contractuales y de la propia normativa.<\/p>\n<\/div>\n<\/div>\n","protected":false},"excerpt":{"rendered":"<p>POL\u00cdTICA DE PROTECCI\u00d3N DE DATOS De conformidad con el Reglamento General de Protecci\u00f3n de Datos (UE) 2016\/679, DEL PARLAMENTO EUROPEO [&hellip;]<\/p>\n","protected":false},"author":3,"featured_media":0,"parent":0,"menu_order":0,"comment_status":"closed","ping_status":"closed","template":"","meta":{"footnotes":""},"class_list":["post-93886","page","type-page","status-publish","hentry"],"yoast_head":"<!-- This site is optimized with the Yoast SEO plugin v27.1.1 - https:\/\/yoast.com\/product\/yoast-seo-wordpress\/ -->\n<title>Pol\u00edtica de privacidad - Spanien aktuell<\/title>\n<meta name=\"robots\" content=\"index, follow, max-snippet:-1, max-image-preview:large, max-video-preview:-1\" \/>\n<link rel=\"canonical\" href=\"https:\/\/spanienaktuell.net\/wordpress\/politica-de-privacidad-2\/\" \/>\n<meta property=\"og:locale\" content=\"es_ES\" \/>\n<meta property=\"og:type\" content=\"article\" \/>\n<meta property=\"og:title\" content=\"Pol\u00edtica de privacidad - Spanien aktuell\" \/>\n<meta property=\"og:description\" content=\"POL\u00cdTICA DE PROTECCI\u00d3N DE DATOS De conformidad con el Reglamento General de Protecci\u00f3n de Datos (UE) 2016\/679, DEL PARLAMENTO EUROPEO [&hellip;]\" \/>\n<meta property=\"og:url\" content=\"https:\/\/spanienaktuell.net\/wordpress\/politica-de-privacidad-2\/\" \/>\n<meta property=\"og:site_name\" content=\"Spanien aktuell\" \/>\n<meta property=\"article:modified_time\" content=\"2023-10-25T10:00:24+00:00\" \/>\n<meta name=\"twitter:card\" content=\"summary_large_image\" \/>\n<meta name=\"twitter:label1\" content=\"Tiempo de lectura\" \/>\n\t<meta name=\"twitter:data1\" content=\"15 minutos\" \/>\n<script type=\"application\/ld+json\" class=\"yoast-schema-graph\">{\"@context\":\"https:\/\/schema.org\",\"@graph\":[{\"@type\":\"WebPage\",\"@id\":\"https:\/\/spanienaktuell.net\/wordpress\/politica-de-privacidad-2\/\",\"url\":\"https:\/\/spanienaktuell.net\/wordpress\/politica-de-privacidad-2\/\",\"name\":\"Pol\u00edtica de privacidad - Spanien aktuell\",\"isPartOf\":{\"@id\":\"https:\/\/spanienaktuell.net\/wordpress\/#website\"},\"datePublished\":\"2022-01-26T12:15:36+00:00\",\"dateModified\":\"2023-10-25T10:00:24+00:00\",\"breadcrumb\":{\"@id\":\"https:\/\/spanienaktuell.net\/wordpress\/politica-de-privacidad-2\/#breadcrumb\"},\"inLanguage\":\"es\",\"potentialAction\":[{\"@type\":\"ReadAction\",\"target\":[\"https:\/\/spanienaktuell.net\/wordpress\/politica-de-privacidad-2\/\"]}]},{\"@type\":\"BreadcrumbList\",\"@id\":\"https:\/\/spanienaktuell.net\/wordpress\/politica-de-privacidad-2\/#breadcrumb\",\"itemListElement\":[{\"@type\":\"ListItem\",\"position\":1,\"name\":\"Portada\",\"item\":\"https:\/\/spanienaktuell.net\/wordpress\/\"},{\"@type\":\"ListItem\",\"position\":2,\"name\":\"Pol\u00edtica de privacidad\"}]},{\"@type\":\"WebSite\",\"@id\":\"https:\/\/spanienaktuell.net\/wordpress\/#website\",\"url\":\"https:\/\/spanienaktuell.net\/wordpress\/\",\"name\":\"Spanien aktuell\",\"description\":\"The German magazine number 1 on the Costa del Sol\",\"publisher\":{\"@id\":\"https:\/\/spanienaktuell.net\/wordpress\/#organization\"},\"potentialAction\":[{\"@type\":\"SearchAction\",\"target\":{\"@type\":\"EntryPoint\",\"urlTemplate\":\"https:\/\/spanienaktuell.net\/wordpress\/?s={search_term_string}\"},\"query-input\":{\"@type\":\"PropertyValueSpecification\",\"valueRequired\":true,\"valueName\":\"search_term_string\"}}],\"inLanguage\":\"es\"},{\"@type\":\"Organization\",\"@id\":\"https:\/\/spanienaktuell.net\/wordpress\/#organization\",\"name\":\"Spanien aktuell\",\"url\":\"https:\/\/spanienaktuell.net\/wordpress\/\",\"logo\":{\"@type\":\"ImageObject\",\"inLanguage\":\"es\",\"@id\":\"https:\/\/spanienaktuell.net\/wordpress\/#\/schema\/logo\/image\/\",\"url\":\"https:\/\/spanienaktuell.net\/wordpress\/wp-content\/uploads\/2019\/06\/cropped-Logo-spanien-aktuell-png-web-e1561631085388.png\",\"contentUrl\":\"https:\/\/spanienaktuell.net\/wordpress\/wp-content\/uploads\/2019\/06\/cropped-Logo-spanien-aktuell-png-web-e1561631085388.png\",\"width\":512,\"height\":110,\"caption\":\"Spanien aktuell\"},\"image\":{\"@id\":\"https:\/\/spanienaktuell.net\/wordpress\/#\/schema\/logo\/image\/\"}}]}<\/script>\n<!-- \/ Yoast SEO plugin. -->","yoast_head_json":{"title":"Pol\u00edtica de privacidad - Spanien aktuell","robots":{"index":"index","follow":"follow","max-snippet":"max-snippet:-1","max-image-preview":"max-image-preview:large","max-video-preview":"max-video-preview:-1"},"canonical":"https:\/\/spanienaktuell.net\/wordpress\/politica-de-privacidad-2\/","og_locale":"es_ES","og_type":"article","og_title":"Pol\u00edtica de privacidad - Spanien aktuell","og_description":"POL\u00cdTICA DE PROTECCI\u00d3N DE DATOS De conformidad con el Reglamento General de Protecci\u00f3n de Datos (UE) 2016\/679, DEL PARLAMENTO EUROPEO [&hellip;]","og_url":"https:\/\/spanienaktuell.net\/wordpress\/politica-de-privacidad-2\/","og_site_name":"Spanien aktuell","article_modified_time":"2023-10-25T10:00:24+00:00","twitter_card":"summary_large_image","twitter_misc":{"Tiempo de lectura":"15 minutos"},"schema":{"@context":"https:\/\/schema.org","@graph":[{"@type":"WebPage","@id":"https:\/\/spanienaktuell.net\/wordpress\/politica-de-privacidad-2\/","url":"https:\/\/spanienaktuell.net\/wordpress\/politica-de-privacidad-2\/","name":"Pol\u00edtica de privacidad - Spanien aktuell","isPartOf":{"@id":"https:\/\/spanienaktuell.net\/wordpress\/#website"},"datePublished":"2022-01-26T12:15:36+00:00","dateModified":"2023-10-25T10:00:24+00:00","breadcrumb":{"@id":"https:\/\/spanienaktuell.net\/wordpress\/politica-de-privacidad-2\/#breadcrumb"},"inLanguage":"es","potentialAction":[{"@type":"ReadAction","target":["https:\/\/spanienaktuell.net\/wordpress\/politica-de-privacidad-2\/"]}]},{"@type":"BreadcrumbList","@id":"https:\/\/spanienaktuell.net\/wordpress\/politica-de-privacidad-2\/#breadcrumb","itemListElement":[{"@type":"ListItem","position":1,"name":"Portada","item":"https:\/\/spanienaktuell.net\/wordpress\/"},{"@type":"ListItem","position":2,"name":"Pol\u00edtica de privacidad"}]},{"@type":"WebSite","@id":"https:\/\/spanienaktuell.net\/wordpress\/#website","url":"https:\/\/spanienaktuell.net\/wordpress\/","name":"Spanien aktuell","description":"The German magazine number 1 on the Costa del Sol","publisher":{"@id":"https:\/\/spanienaktuell.net\/wordpress\/#organization"},"potentialAction":[{"@type":"SearchAction","target":{"@type":"EntryPoint","urlTemplate":"https:\/\/spanienaktuell.net\/wordpress\/?s={search_term_string}"},"query-input":{"@type":"PropertyValueSpecification","valueRequired":true,"valueName":"search_term_string"}}],"inLanguage":"es"},{"@type":"Organization","@id":"https:\/\/spanienaktuell.net\/wordpress\/#organization","name":"Spanien aktuell","url":"https:\/\/spanienaktuell.net\/wordpress\/","logo":{"@type":"ImageObject","inLanguage":"es","@id":"https:\/\/spanienaktuell.net\/wordpress\/#\/schema\/logo\/image\/","url":"https:\/\/spanienaktuell.net\/wordpress\/wp-content\/uploads\/2019\/06\/cropped-Logo-spanien-aktuell-png-web-e1561631085388.png","contentUrl":"https:\/\/spanienaktuell.net\/wordpress\/wp-content\/uploads\/2019\/06\/cropped-Logo-spanien-aktuell-png-web-e1561631085388.png","width":512,"height":110,"caption":"Spanien aktuell"},"image":{"@id":"https:\/\/spanienaktuell.net\/wordpress\/#\/schema\/logo\/image\/"}}]}},"_links":{"self":[{"href":"https:\/\/spanienaktuell.net\/wordpress\/wp-json\/wp\/v2\/pages\/93886","targetHints":{"allow":["GET"]}}],"collection":[{"href":"https:\/\/spanienaktuell.net\/wordpress\/wp-json\/wp\/v2\/pages"}],"about":[{"href":"https:\/\/spanienaktuell.net\/wordpress\/wp-json\/wp\/v2\/types\/page"}],"author":[{"embeddable":true,"href":"https:\/\/spanienaktuell.net\/wordpress\/wp-json\/wp\/v2\/users\/3"}],"replies":[{"embeddable":true,"href":"https:\/\/spanienaktuell.net\/wordpress\/wp-json\/wp\/v2\/comments?post=93886"}],"version-history":[{"count":2,"href":"https:\/\/spanienaktuell.net\/wordpress\/wp-json\/wp\/v2\/pages\/93886\/revisions"}],"predecessor-version":[{"id":102237,"href":"https:\/\/spanienaktuell.net\/wordpress\/wp-json\/wp\/v2\/pages\/93886\/revisions\/102237"}],"wp:attachment":[{"href":"https:\/\/spanienaktuell.net\/wordpress\/wp-json\/wp\/v2\/media?parent=93886"}],"curies":[{"name":"wp","href":"https:\/\/api.w.org\/{rel}","templated":true}]}}